{"id":308,"date":"2021-03-26T17:36:27","date_gmt":"2021-03-26T17:36:27","guid":{"rendered":"http:\/\/radio-glauchau.online\/?page_id=308"},"modified":"2021-03-26T17:45:39","modified_gmt":"2021-03-26T17:45:39","slug":"ueber-uns","status":"publish","type":"page","link":"http:\/\/radio-glauchau.online\/?page_id=308","title":{"rendered":"\u00fcber uns"},"content":{"rendered":"<p>wir sind ein nichtkommerzielles Webradio f\u00fcr die Region Glauchau, Meerane, Waldenburg und Crimmitschau in Westsachsen. Du kannst uns ausschlie\u00dflich \u00fcber Internet h\u00f6ren. Die Sendung &#8220; Radio Glauchau am Abend&#8220; ist unsere Regionalsendung mit Informationen und Berichten aus unserer Heimat. Unser Radio inkl journalistischer Beitr\u00e4ge arbeitet auf reiner Hobbybasis und dient zum einen der F\u00f6rderung unserer Region und desweiteren sich in H\u00f6rfunkarbeit auszuprobieren, zu lernen und Erfahrungen zu sammeln.<\/p>\n","protected":false},"excerpt":{"rendered":"<p>wir sind ein nichtkommerzielles Webradio f\u00fcr die Region Glauchau, Meerane, Waldenburg und Crimmitschau in Westsachsen. Du kannst uns ausschlie\u00dflich \u00fcber Internet h\u00f6ren. Die Sendung &#8220; Radio Glauchau am Abend&#8220; ist [&hellip;]<\/p>\n","protected":false},"author":1,"featured_media":0,"parent":0,"menu_order":0,"comment_status":"closed","ping_status":"closed","template":"","meta":[],"_links":{"self":[{"href":"http:\/\/radio-glauchau.online\/index.php?rest_route=\/wp\/v2\/pages\/308"}],"collection":[{"href":"http:\/\/radio-glauchau.online\/index.php?rest_route=\/wp\/v2\/pages"}],"about":[{"href":"http:\/\/radio-glauchau.online\/index.php?rest_route=\/wp\/v2\/types\/page"}],"author":[{"embeddable":true,"href":"http:\/\/radio-glauchau.online\/index.php?rest_route=\/wp\/v2\/users\/1"}],"replies":[{"embeddable":true,"href":"http:\/\/radio-glauchau.online\/index.php?rest_route=%2Fwp%2Fv2%2Fcomments&post=308"}],"version-history":[{"count":3,"href":"http:\/\/radio-glauchau.online\/index.php?rest_route=\/wp\/v2\/pages\/308\/revisions"}],"predecessor-version":[{"id":312,"href":"http:\/\/radio-glauchau.online\/index.php?rest_route=\/wp\/v2\/pages\/308\/revisions\/312"}],"wp:attachment":[{"href":"http:\/\/radio-glauchau.online\/index.php?rest_route=%2Fwp%2Fv2%2Fmedia&parent=308"}],"curies":[{"name":"wp","href":"https:\/\/api.w.org\/{rel}","templated":true}]}}